{"id":44369,"date":"2023-02-13T01:31:50","date_gmt":"2023-02-13T09:31:50","guid":{"rendered":"https:\/\/tradeshift.com\/?page_id=44369"},"modified":"2023-02-15T06:47:26","modified_gmt":"2023-02-15T14:47:26","slug":"facturation-electronique-obligatoire-2024","status":"publish","type":"page","link":"https:\/\/tradeshift.com\/fr\/facturation-electronique-obligatoire-2024\/","title":{"rendered":"Facturation electronique obligatoire 2024"},"content":{"rendered":"<div class=\"wpb-content-wrapper\"><p>[vc_row equal_height=\u00a0\u00bbyes\u00a0\u00bb content_placement=\u00a0\u00bbmiddle\u00a0\u00bb el_class=\u00a0\u00bbpage-hero image-hero image-hero-short\u00a0\u00bb css=\u00a0\u00bb.vc_custom_1666044059103{background-color: #0a37f0 !important;}\u00a0\u00bb][vc_column width=\u00a0\u00bb1\/2&Prime;][vc_custom_heading text=\u00a0\u00bbFacturation \u00e9lectronique obligatoire\u00a0\u00bb font_container=\u00a0\u00bbtag:h1|text_align:left|color:%23ffffff\u00a0\u00bb use_theme_fonts=\u00a0\u00bbyes\u00a0\u00bb][vc_custom_heading text=\u00a0\u00bbD\u00e9mat\u00e9rialisation fiscale des factures<br \/>\nComprendre la r\u00e9glementation\u00a0\u00bb font_container=\u00a0\u00bbtag:h4|text_align:left|color:%23ffffff\u00a0\u00bb use_theme_fonts=\u00a0\u00bbyes\u00a0\u00bb][\/vc_column][vc_column width=\u00a0\u00bb1\/2&Prime; css=\u00a0\u00bb.vc_custom_1675866040155{background-image: url(https:\/\/tradeshift.com\/wp-content\/uploads\/2023\/02\/shutterstock_1495957622.jpeg?id=44481) !important;}\u00a0\u00bb][\/vc_column][\/vc_row][vc_row][vc_column width=\u00a0\u00bb1\/6&Prime;][\/vc_column][vc_column width=\u00a0\u00bb2\/3&Prime; css=\u00a0\u00bb.vc_custom_1675870572111{margin-top: 64px !important;}\u00a0\u00bb][vc_column_text css=\u00a0\u00bb.vc_custom_1676039577038{margin-bottom: 32px !important;}\u00a0\u00bb]La France est en passe d&rsquo;adopter le mandat de facturation \u00e9lectronique en 2024, rejoignant ainsi de nombreux pays du monde qui r\u00e9visent leurs proc\u00e9dures de d\u00e9claration fiscale. Cela signifie que la facturation \u00e9lectronique deviendra obligatoire pour les entreprises faisant des affaires en France. Chaque entreprise devra choisir soit une plateforme priv\u00e9e certifi\u00e9e (PDP), soit le portail public de facturation (PPF) pour la facturation et e-reporting.[\/vc_column_text][\/vc_column][vc_column width=\u00a0\u00bb1\/6&Prime;][\/vc_column][\/vc_row][vc_row css=\u00a0\u00bb.vc_custom_1675864553132{background-color: #ffffff !important;}\u00a0\u00bb][vc_column width=\u00a0\u00bb1\/6&Prime; css=\u00a0\u00bb.vc_custom_1675864575448{background-color: #ffffff !important;}\u00a0\u00bb][\/vc_column][vc_column width=\u00a0\u00bb2\/3&Prime;][vc_cta h2=\u00a0\u00bbTradeshift est un candidat officiel pour devenir une PDP en France\u00a0\u00bb color=\u00a0\u00bbblack\u00a0\u00bb add_button=\u00a0\u00bbright\u00a0\u00bb btn_title=\u00a0\u00bbParlez avec un expert de Tradeshift\u00a0\u00bb btn_align=\u00a0\u00bbcenter\u00a0\u00bb btn_button_block=\u00a0\u00bbtrue\u00a0\u00bb css=\u00a0\u00bb.vc_custom_1676039710469{background-color: #fcfcfc !important;}\u00a0\u00bb btn_link=\u00a0\u00bburl:https%3A%2F%2Ftradeshift.com%2Ffr%2Fdemander-une-demo%2F|title:Talk%20to%20a%20Tradeshift%20expert|target:_blank\u00a0\u00bb][\/vc_cta][vc_column_text css=\u00a0\u00bb.vc_custom_1676472376908{background-color: #ffffff !important;}\u00a0\u00bb]<span style=\"font-weight: 400;\">En tant que partenaire international privil\u00e9gi\u00e9 pour assurer une conformit\u00e9 mondiale, <a href=\"https:\/\/tradeshift.com\/fr\/\">Tradeshift<\/a> prend toutes les mesures n\u00e9cessaires pour assurer la conformit\u00e9 de la facturation \u00e9lectronique en France. Nous participons activement au groupe de travail PDP dirig\u00e9 par le gouvernement fran\u00e7ais et sommes r\u00e9pertori\u00e9s comme demandeur PDP aupr\u00e8s du gouvernement fran\u00e7ais. Avec l&rsquo;aide de nos sp\u00e9cialistes, nous d\u00e9veloppons une preuve de concept pour l&rsquo;interop\u00e9rabilit\u00e9 avec les autorit\u00e9es et avons eu un premier engagement avec des conseillers en conformit\u00e9. Tradeshift travaille actuellement avec un partenaire r\u00e9put\u00e9 pour valider notre approche technique et juridique pour devenir un PDP. Nous avons \u00e9galement re\u00e7u la certification ISO 27001 en d\u00e9cembre 2022.<\/span><\/p>\n<p><a href=\"https:\/\/tradeshift.com\/fr\/demander-une-demo\/\">N&rsquo;h\u00e9sitez pas \u00e0 nous contacter<\/a> si vous souhaitez en savoir plus sur l&rsquo;obligation de facturation \u00e9lectronique ou sur notre offre.[\/vc_column_text][\/vc_column][vc_column width=\u00a0\u00bb1\/6&Prime; css=\u00a0\u00bb.vc_custom_1675864564380{background-color: #ffffff !important;}\u00a0\u00bb][\/vc_column][\/vc_row][vc_row][vc_column][vc_empty_space][\/vc_column][\/vc_row][vc_row css=\u00a0\u00bb.vc_custom_1675864647896{padding-top: 64px !important;padding-bottom: 64px !important;background-color: #0a37f0 !important;}\u00a0\u00bb][vc_column width=\u00a0\u00bb1\/6&Prime; css=\u00a0\u00bb.vc_custom_1675864742934{background-color: #0a37f0 !important;}\u00a0\u00bb][\/vc_column][vc_column width=\u00a0\u00bb2\/3&Prime;][vc_column_text css=\u00a0\u00bb.vc_custom_1676370031956{background-color: #0a37f0 !important;}\u00a0\u00bb el_class=\u00a0\u00bbtext-white\u00a0\u00bb]<\/p>\n<h2 style=\"text-align: center\">Les mandats de facturation \u00e9lectronique en France, en un coup d&rsquo;\u0153il :<\/h2>\n<p>&nbsp;<\/p>\n<ul>\n<li><span style=\"color: #ffffff\"><a style=\"color: #ffffff\" href=\"#e-invoicing-mandate1\">Pourquoi la France s&rsquo; oriente-t-elle vers des mandats de facturation \u00e9lectronique ?<\/a><\/span><\/li>\n<li><span style=\"color: #ffffff\"><a style=\"color: #ffffff\" href=\"#e-invoicing-mandate2\">O\u00f9 en est la France en mati\u00e8re de facturation \u00e9lectronique ou \u00abe-invoicing\u00bb?<\/a><\/span><\/li>\n<li><span style=\"color: #ffffff\"><a style=\"color: #ffffff\" href=\"#e-invoicing-mandate3\">Aper\u00e7u de la r\u00e9forme fran\u00e7aise du CTC<\/a><\/span><\/li>\n<li><span style=\"color: #ffffff\"><a style=\"color: #ffffff\" href=\"#e-invoicing-mandate4\">Comment les donn\u00e9es d\u2019e-invoicing seront-elles communiqu\u00e9es aux Autorit\u00e9s fran\u00e7aises ?<\/a><\/span><\/li>\n<li><span style=\"color: #ffffff\"><a style=\"color: #ffffff\" href=\"#e-invoicing-mandate5\">Quel est l\u2019\u00e9ch\u00e9ancier des changements du CTC en France<\/a><a style=\"color: #ffffff\" href=\"#Quel-est-l\u2019\u00e9ch\u00e9ancier-des-changements-du-CTC-en-France\"> ?<br \/>\n<\/a><\/span><\/li>\n<li><span style=\"color: #ffffff\"><a style=\"color: #ffffff\" href=\"#e-invoicing-mandate6\">Qui est concern\u00e9 par les modifications du mandat de facturation \u00e9lectronique ?<\/a><\/span><\/li>\n<li><span style=\"color: #ffffff\"><a style=\"color: #ffffff\" href=\"#e-invoicing-mandate7\">Conditions d\u2019archivage l\u00e9gal<\/a><\/span><\/li>\n<\/ul>\n<p>[\/vc_column_text][\/vc_column][vc_column width=\u00a0\u00bb1\/6&Prime; css=\u00a0\u00bb.vc_custom_1675864672637{background-color: #0a37f0 !important;}\u00a0\u00bb][\/vc_column][\/vc_row][vc_row css=\u00a0\u00bb.vc_custom_1675945940351{padding-top: 80px !important;padding-bottom: 64px !important;}\u00a0\u00bb el_id=\u00a0\u00bbe-invoicing-mandate1&Prime;][vc_column width=\u00a0\u00bb1\/5&Prime;][\/vc_column][vc_column width=\u00a0\u00bb3\/5&Prime;][vc_custom_heading text=\u00a0\u00bbPourquoi la France s&rsquo;oriente-t-elle vers des mandats de facturation \u00e9lectronique ?\u00a0\u00bb font_container=\u00a0\u00bbtag:h3|text_align:left\u00a0\u00bb use_theme_fonts=\u00a0\u00bbyes\u00a0\u00bb css=\u00a0\u00bb.vc_custom_1676039747892{margin-top: 0px !important;margin-bottom: 32px !important;}\u00a0\u00bb][vc_column_text]La conformit\u00e9 avec les mandats de facturation \u00e9lectronique et la r\u00e9forme fiscale reste un d\u00e9fi pour la plupart des entreprises, alors que de plus en plus de pays s&rsquo;orientent vers des \u00e9changes de donn\u00e9es obligatoires en temps r\u00e9el pour lutter contre les cas d&rsquo;\u00e9vasion fiscale. Le syst\u00e8me fran\u00e7ais propos\u00e9 vise \u00e0 lutter contre la fraude, \u00e0 r\u00e9duire l&rsquo;\u00e9cart de TVA et \u00e0 all\u00e9ger la charge administrative des entreprises fran\u00e7aises.<\/p>\n<p>Les r\u00e9gimes d&rsquo;autorisation fiscale continue (CTC) existent depuis pr\u00e8s de deux d\u00e9cennies ; les gouvernements d&rsquo;Am\u00e9rique latine ont impos\u00e9 des structures de contr\u00f4le en temps r\u00e9el, ce qui a entra\u00een\u00e9 une transparence \u00e9conomique, une augmentation du recouvrement des recettes et une r\u00e9duction de la fraude, pla\u00e7ant fermement le syst\u00e8me de d\u00e9claration en temps r\u00e9el sur le radar de nombreux pays.<\/p>\n<p>Un certain nombre de pays europ\u00e9ens, dont la France, ont publi\u00e9 ou exprim\u00e9 leur intention de retravailler les syst\u00e8mes de d\u00e9claration et de collecte des imp\u00f4ts afin de lutter contre la \u00a0\u00bb TVA perdue \u00ab\u00a0, commun\u00e9ment appel\u00e9e \u00a0\u00bb trou de TVA \u00ab\u00a0. A travers l\u2019Union Europ\u00e9enne, le trou de TVA est actuellement estim\u00e9 \u00e0 environ 164 milliards d\u2019euros pour 2020.[\/vc_column_text][\/vc_column][vc_column width=\u00a0\u00bb1\/5&Prime;][\/vc_column][\/vc_row][vc_row css=\u00a0\u00bb.vc_custom_1675945949911{padding-top: 80px !important;padding-bottom: 64px !important;background-color: #efefef !important;}\u00a0\u00bb el_id=\u00a0\u00bbe-invoicing-mandate2&Prime;][vc_column width=\u00a0\u00bb1\/5&Prime;][\/vc_column][vc_column width=\u00a0\u00bb3\/5&Prime;][vc_custom_heading text=\u00a0\u00bbO\u00f9 en est la France en mati\u00e8re de facturation \u00e9lectronique ou \u00ab e-invoicing \u00bb?\u00a0\u00bb font_container=\u00a0\u00bbtag:h3|text_align:left\u00a0\u00bb use_theme_fonts=\u00a0\u00bbyes\u00a0\u00bb css=\u00a0\u00bb.vc_custom_1675870695008{margin-top: 0px !important;margin-bottom: 32px !important;}\u00a0\u00bb][vc_column_text]La d\u00e9cision de la France de rendre la facturation \u00e9lectronique obligatoire est un investissement consid\u00e9rable du gouvernement fran\u00e7ais dans la lutte contre le d\u00e9ficit de la TVA en France.<\/p>\n<p>Actuellement, la France n\u2019impose pas la facturation \u00e9lectronique B2B comme le font certains pays. La facturation \u00e9lectronique obligatoire en France ne concerne que les entreprises fran\u00e7aises \u00e9mettant des factures \u00e0 destination d\u2019un organisme public (souvent appel\u00e9e \u00ab\u00a0facturation B2G\u00a0\u00bb). Les factures destin\u00e9es aux organismes publics doivent \u00eatre soumises \u00e9lectroniquement via la plateforme Chorus Pro.<\/p>\n<p>La France a l\u2019intention de d\u00e9ployer la\u00a0<a href=\"https:\/\/tradeshift.com\/fr\/facturation-electronique\/?_ga=2.106416259.168567885.1665575601-1737468298.1652134427\">facturation \u00e9lectronique B2B<\/a> (\u00ab\u00a0e-invoicing\u00a0\u00bb) et la d\u00e9claration \u00e9lectronique (\u00ab\u00a0e-reporting\u00a0\u00bb) obligatoires dans les ann\u00e9es \u00e0 venir afin d\u2019\u00e9voluer vers un \u00ab\u00a0mod\u00e8le mixte de CTC\u00a0\u00bb. La facturation \u00e9lectronique B2B obligatoire \u00e9tablira les bases du syst\u00e8me, de m\u00eame que la d\u00e9claration \u00e9lectronique, qui vise \u00e0 recueillir des donn\u00e9es sur certaines transactions B2C et des informations relatives aux paiements.<\/p>\n<p><img loading=\"lazy\" decoding=\"async\" class=\"aligncenter wp-image-44448 size-full\" src=\"https:\/\/tradeshift.com\/wp-content\/uploads\/2023\/02\/4P-Blog-Insert-Where-does-France-currently-stand-in-relation-to-e-invoicing_-French.png\" alt=\"\" width=\"800\" height=\"500\" srcset=\"https:\/\/tradeshift.com\/wp-content\/uploads\/2023\/02\/4P-Blog-Insert-Where-does-France-currently-stand-in-relation-to-e-invoicing_-French.png 800w, https:\/\/tradeshift.com\/wp-content\/uploads\/2023\/02\/4P-Blog-Insert-Where-does-France-currently-stand-in-relation-to-e-invoicing_-French-500x313.png 500w, https:\/\/tradeshift.com\/wp-content\/uploads\/2023\/02\/4P-Blog-Insert-Where-does-France-currently-stand-in-relation-to-e-invoicing_-French-768x480.png 768w\" sizes=\"auto, (max-width: 800px) 100vw, 800px\" \/>[\/vc_column_text][\/vc_column][vc_column width=\u00a0\u00bb1\/5&Prime;][\/vc_column][\/vc_row][vc_row css=\u00a0\u00bb.vc_custom_1675945960079{padding-top: 64px !important;padding-bottom: 64px !important;background-color: #ffffff !important;}\u00a0\u00bb el_id=\u00a0\u00bbe-invoicing-mandate3&Prime;][vc_column width=\u00a0\u00bb1\/5&Prime; css=\u00a0\u00bb.vc_custom_1675864922865{background-color: #ffffff !important;}\u00a0\u00bb][\/vc_column][vc_column width=\u00a0\u00bb3\/5&Prime;][vc_custom_heading text=\u00a0\u00bbAper\u00e7u de la r\u00e9forme fran\u00e7aise du CTC\u00a0\u00bb font_container=\u00a0\u00bbtag:h3|text_align:left\u00a0\u00bb use_theme_fonts=\u00a0\u00bbyes\u00a0\u00bb css=\u00a0\u00bb.vc_custom_1675870701442{margin-top: 0px !important;margin-bottom: 32px !important;background-color: #ffffff !important;}\u00a0\u00bb][vc_column_text css=\u00a0\u00bb.vc_custom_1675866401388{background-color: #ffffff !important;}\u00a0\u00bb]<a href=\"https:\/\/tradeshift.com\/fr\/facturation-electronique\/?_ga=2.106416259.168567885.1665575601-1737468298.1652134427\">Un syst\u00e8me de facturation \u00e9lectronique interentreprises (B2B)<\/a>\u00a0contribuera certainement \u00e0 l\u2019\u00e9limination de la fraude. Cependant, un ensemble compl\u00e9mentaire de donn\u00e9es, connu sous le nom de d\u00e9claration \u00e9lectronique ou \u00ab\u00a0e-reporting\u00a0\u00bb, contribuera encore davantage \u00e0 l\u2019\u00e9limination des transactions frauduleuses en France.<\/p>\n<p>Le dispositif de facturation en CTC de la France int\u00e8gre la facturation \u00e9lectronique (\u00ab\u00a0e-invoicing\u00a0\u00bb) et la d\u00e9claration \u00e9lectronique (\u00ab\u00a0e-reporting\u00a0\u00bb) pour appr\u00e9hender les transactions qui ne sont pas prises en compte par la facturation \u00e9lectronique. La d\u00e9claration \u00e9lectronique implique la divulgation p\u00e9riodique de donn\u00e9es sur le statut des paiements effectu\u00e9s dans le cadre de services et d\u2019une s\u00e9rie de transactions B2C.<\/p>\n<p><img loading=\"lazy\" decoding=\"async\" class=\"aligncenter wp-image-44455 size-full\" src=\"https:\/\/tradeshift.com\/wp-content\/uploads\/2023\/02\/image-2.png\" alt=\"\" width=\"800\" height=\"500\" srcset=\"https:\/\/tradeshift.com\/wp-content\/uploads\/2023\/02\/image-2.png 800w, https:\/\/tradeshift.com\/wp-content\/uploads\/2023\/02\/image-2-500x313.png 500w, https:\/\/tradeshift.com\/wp-content\/uploads\/2023\/02\/image-2-768x480.png 768w\" sizes=\"auto, (max-width: 800px) 100vw, 800px\" \/><img loading=\"lazy\" decoding=\"async\" class=\"aligncenter wp-image-44460 size-full\" src=\"https:\/\/tradeshift.com\/wp-content\/uploads\/2023\/02\/ffl-image-3.png\" alt=\"\" width=\"800\" height=\"500\" srcset=\"https:\/\/tradeshift.com\/wp-content\/uploads\/2023\/02\/ffl-image-3.png 800w, https:\/\/tradeshift.com\/wp-content\/uploads\/2023\/02\/ffl-image-3-500x313.png 500w, https:\/\/tradeshift.com\/wp-content\/uploads\/2023\/02\/ffl-image-3-768x480.png 768w\" sizes=\"auto, (max-width: 800px) 100vw, 800px\" \/>[\/vc_column_text][\/vc_column][vc_column width=\u00a0\u00bb1\/5&Prime; css=\u00a0\u00bb.vc_custom_1675864932176{background-color: #ffffff !important;}\u00a0\u00bb][\/vc_column][\/vc_row][vc_row css=\u00a0\u00bb.vc_custom_1675946205427{padding-top: 64px !important;padding-bottom: 48px !important;background-color: #efefef !important;}\u00a0\u00bb el_id=\u00a0\u00bbe-invoicing-mandate4&Prime;][vc_column width=\u00a0\u00bb1\/5&Prime;][\/vc_column][vc_column width=\u00a0\u00bb3\/5&Prime;][vc_custom_heading text=\u00a0\u00bbComment les donn\u00e9es d\u2019e-invoicing seront-elles communiqu\u00e9es aux Autorit\u00e9s fran\u00e7aises ?\u00a0\u00bb font_container=\u00a0\u00bbtag:h3|text_align:left\u00a0\u00bb use_theme_fonts=\u00a0\u00bbyes\u00a0\u00bb css=\u00a0\u00bb.vc_custom_1675870882478{margin-top: 0px !important;}\u00a0\u00bb][vc_column_text]La mani\u00e8re dont les transactions de facturation \u00e9lectronique seront trait\u00e9es a fait l\u2019objet de nombreuses analyses.<\/p>\n<p>Le principal point d\u2019examen des transactions entre entreprises assujetties \u00e0 la TVA serait soit la plateforme Chorus Pro soit des plateformes priv\u00e9es, qui serviraient de point de contr\u00f4le pour une transaction.<\/p>\n<p>Cette derni\u00e8re option est fortement privil\u00e9gi\u00e9e car le fait de permettre aux plateformes priv\u00e9es d\u2019agir \u00e9galement en tant que point de contr\u00f4le tend \u00e0 \u00e9liminer un point unique de d\u00e9faillance. Les soci\u00e9t\u00e9s facturantes ont le choix de se connecter directement \u00e0 la plateforme Chorus Pro ou de se connecter directement \u00e0 un fournisseur de services tiers certifi\u00e9 (Plateforme de d\u00e9mat\u00e9rialisation partenaire de l\u2019administration ou PDP).[\/vc_column_text][vc_single_image image=\u00a0\u00bb44527&Prime; img_size=\u00a0\u00bbfull\u00a0\u00bb alignment=\u00a0\u00bbcenter\u00a0\u00bb][\/vc_column][vc_column width=\u00a0\u00bb1\/5&Prime;][\/vc_column][\/vc_row][vc_row css=\u00a0\u00bb.vc_custom_1675946191327{padding-top: 64px !important;padding-bottom: 48px !important;}\u00a0\u00bb el_id=\u00a0\u00bbe-invoicing-mandate5&Prime;][vc_column width=\u00a0\u00bb1\/5&Prime;][\/vc_column][vc_column width=\u00a0\u00bb3\/5&Prime;][vc_custom_heading text=\u00a0\u00bbQuel est l\u2019\u00e9ch\u00e9ancier des changements du CTC en France ?\u00a0\u00bb font_container=\u00a0\u00bbtag:h3|text_align:left\u00a0\u00bb use_theme_fonts=\u00a0\u00bbyes\u00a0\u00bb css=\u00a0\u00bb.vc_custom_1675870891493{margin-top: 0px !important;}\u00a0\u00bb][vc_column_text]La France met en place le CTC selon une approche en trois phases au cours des quatre prochaines ann\u00e9es.<\/p>\n<p>La r\u00e9forme du CTC touchera d\u2019abord certaines grandes entreprises en 2024, avant d\u2019\u00eatre \u00e9tendue aux petites entreprises d\u2019ici 2026. L\u2019ensemble des assujettis, quelle que soit leur taille, devront \u00eatre en mesure de recevoir des factures \u00e9lectroniques d\u2019ici 2024.<\/p>\n<p><img loading=\"lazy\" decoding=\"async\" class=\"aligncenter wp-image-44470 size-full\" src=\"https:\/\/tradeshift.com\/wp-content\/uploads\/2023\/02\/ffl-image-5.png\" alt=\"\" width=\"800\" height=\"500\" srcset=\"https:\/\/tradeshift.com\/wp-content\/uploads\/2023\/02\/ffl-image-5.png 800w, https:\/\/tradeshift.com\/wp-content\/uploads\/2023\/02\/ffl-image-5-500x313.png 500w, https:\/\/tradeshift.com\/wp-content\/uploads\/2023\/02\/ffl-image-5-768x480.png 768w\" sizes=\"auto, (max-width: 800px) 100vw, 800px\" \/>[\/vc_column_text][\/vc_column][vc_column width=\u00a0\u00bb1\/5&Prime;][\/vc_column][\/vc_row][vc_row css=\u00a0\u00bb.vc_custom_1675946178636{padding-top: 64px !important;padding-bottom: 48px !important;background-color: #efefef !important;}\u00a0\u00bb el_id=\u00a0\u00bbe-invoicing-mandate6&Prime;][vc_column width=\u00a0\u00bb1\/5&Prime;][\/vc_column][vc_column width=\u00a0\u00bb3\/5&Prime;][vc_custom_heading text=\u00a0\u00bbQui est concern\u00e9 par les modifications du mandat de facturation \u00e9lectronique ?\u00a0\u00bb font_container=\u00a0\u00bbtag:h3|text_align:left\u00a0\u00bb use_theme_fonts=\u00a0\u00bbyes\u00a0\u00bb css=\u00a0\u00bb.vc_custom_1675870900326{margin-top: 0px !important;}\u00a0\u00bb][vc_column_text]L\u2019impact de la r\u00e9forme CTC sur les entreprises est contrast\u00e9; toutefois, l\u2019e-invoicing touchera toutes les entreprises \u00e9tablies en France, tandis que la d\u00e9claration \u00e9lectronique (\u00ab e-reporting \u00bb) touchera les entreprises qui ne sont pas \u00e9tablies en France mais qui op\u00e8rent sous un num\u00e9ro de TVA fran\u00e7ais.<\/p>\n<p><img loading=\"lazy\" decoding=\"async\" class=\"aligncenter wp-image-44475 size-full\" src=\"https:\/\/tradeshift.com\/wp-content\/uploads\/2023\/02\/ffl-image6.png\" alt=\"\" width=\"800\" height=\"500\" srcset=\"https:\/\/tradeshift.com\/wp-content\/uploads\/2023\/02\/ffl-image6.png 800w, https:\/\/tradeshift.com\/wp-content\/uploads\/2023\/02\/ffl-image6-500x313.png 500w, https:\/\/tradeshift.com\/wp-content\/uploads\/2023\/02\/ffl-image6-768x480.png 768w\" sizes=\"auto, (max-width: 800px) 100vw, 800px\" \/>[\/vc_column_text][\/vc_column][vc_column width=\u00a0\u00bb1\/5&Prime;][\/vc_column][\/vc_row][vc_row css=\u00a0\u00bb.vc_custom_1675946138926{padding-top: 64px !important;padding-bottom: 48px !important;}\u00a0\u00bb el_id=\u00a0\u00bbe-invoicing-mandate7&Prime;][vc_column width=\u00a0\u00bb1\/5&Prime;][\/vc_column][vc_column width=\u00a0\u00bb3\/5&Prime;][vc_custom_heading text=\u00a0\u00bbConditions d\u2019archivage l\u00e9gal\u00a0\u00bb font_container=\u00a0\u00bbtag:h3|text_align:left\u00a0\u00bb use_theme_fonts=\u00a0\u00bbyes\u00a0\u00bb css=\u00a0\u00bb.vc_custom_1675870911794{margin-top: 0px !important;}\u00a0\u00bb][vc_column_text]Comme les factures ordinaires, les factures \u00e9lectroniques devront \u00e9galement \u00eatre conserv\u00e9es pendant un certain temps (6 ans \u00e0 des fins fiscales et 10 ans \u00e0 des fins de droit commercial).[\/vc_column_text][\/vc_column][vc_column width=\u00a0\u00bb1\/5&Prime;][\/vc_column][\/vc_row][vc_row css=\u00a0\u00bb.vc_custom_1675946097305{padding-bottom: 48px !important;}\u00a0\u00bb el_id=\u00a0\u00bbe-invoicing-mandate8&Prime;][vc_column width=\u00a0\u00bb1\/5&Prime;][\/vc_column][vc_column width=\u00a0\u00bb3\/5&Prime;][vc_custom_heading text=\u00a0\u00bbPassez \u00e0 l\u2019action!\u00a0\u00bb font_container=\u00a0\u00bbtag:h3|text_align:left\u00a0\u00bb use_theme_fonts=\u00a0\u00bbyes\u00a0\u00bb css=\u00a0\u00bb.vc_custom_1675870921144{margin-top: 0px !important;}\u00a0\u00bb][vc_column_text]Prenez contact avec nos experts qui vous aideront \u00e0 vous pr\u00e9parer \u00e0 la R\u00e9forme fran\u00e7aise de la Loi de Finances 2024 ou en savoir plus sur\u00a0<a href=\"https:\/\/tradeshift.com\/fr\/solutions-pour-la-supply-chain\/pay\/\">nos solutions de facturation \u00e9lectronique<\/a>.[\/vc_column_text][\/vc_column][vc_column width=\u00a0\u00bb1\/5&Prime;][\/vc_column][\/vc_row][vc_row equal_height=\u00a0\u00bbyes\u00a0\u00bb content_placement=\u00a0\u00bbmiddle\u00a0\u00bb reverse_row=\u00a0\u00bbtrue\u00a0\u00bb css=\u00a0\u00bb.vc_custom_1664927607812{background-color: #0a37f0 !important;}\u00a0\u00bb el_class=\u00a0\u00bbpage-cta\u00a0\u00bb][vc_column css=\u00a0\u00bb.vc_custom_1664997819845{background-image: url(https:\/\/tradeshift.com\/wp-content\/uploads\/2022\/10\/full-width-cta.36a267b2.jpg?id=38853) !important;}\u00a0\u00bb offset=\u00a0\u00bbvc_col-md-6&Prime;][vc_single_image image=\u00a0\u00bb38855&Prime; img_size=\u00a0\u00bblarge\u00a0\u00bb alignment=\u00a0\u00bbright\u00a0\u00bb][\/vc_column][vc_column offset=\u00a0\u00bbvc_col-md-6&Prime;][vc_custom_heading text=\u00a0\u00bbGive us 20 minutes.\u00a0\u00bb font_container=\u00a0\u00bbtag:h2|text_align:left|color:%23ffffff\u00a0\u00bb use_theme_fonts=\u00a0\u00bbyes\u00a0\u00bb][vc_column_text max_width=\u00a0\u00bb556px\u00a0\u00bb el_class=\u00a0\u00bbtext-white\u00a0\u00bb]We\u2019ll show you what Tradeshift can do in a live walk-through.[\/vc_column_text][vc_btn color=\u00a0\u00bbwhite\u00a0\u00bb title=\u00a0\u00bbTalk to us\u00a0\u00bb align=\u00a0\u00bbleft\u00a0\u00bb link=\u00a0\u00bburl:%2Frequest-demo%2F\u00a0\u00bb][vc_custom_heading text=\u00a0\u00bb#shifthappens\u00a0\u00bb font_container=\u00a0\u00bbtag:h4|text_align:left|color:%23ffffff\u00a0\u00bb use_theme_fonts=\u00a0\u00bbyes\u00a0\u00bb][\/vc_column][\/vc_row]<\/p>\n<\/div>","protected":false},"excerpt":{"rendered":"<p>[vc_row equal_height=\u00a0\u00bbyes\u00a0\u00bb content_placement=\u00a0\u00bbmiddle\u00a0\u00bb el_class=\u00a0\u00bbpage-hero image-hero image-hero-short\u00a0\u00bb css=\u00a0\u00bb.vc_custom_1666044059103{background-color: #0a37f0 !important;}\u00a0\u00bb][vc_column width=\u00a0\u00bb1\/2&Prime;][vc_custom_heading text=\u00a0\u00bbFacturation \u00e9lectronique obligatoire\u00a0\u00bb font_container=\u00a0\u00bbtag:h1|text_align:left|color:%23ffffff\u00a0\u00bb use_theme_fonts=\u00a0\u00bbyes\u00a0\u00bb][vc_custom_heading text=\u00a0\u00bbD\u00e9mat\u00e9rialisation fiscale des factures Comprendre la r\u00e9glementation\u00a0\u00bb font_container=\u00a0\u00bbtag:h4|text_align:left|color:%23ffffff\u00a0\u00bb use_theme_fonts=\u00a0\u00bbyes\u00a0\u00bb][\/vc_column][vc_column width=\u00a0\u00bb1\/2&Prime; css=\u00a0\u00bb.vc_custom_1675866040155{background-image: url(https:\/\/tradeshift.com\/wp-content\/uploads\/2023\/02\/shutterstock_1495957622.jpeg?id=44481) !important;}\u00a0\u00bb][\/vc_column][\/vc_row][vc_row][vc_column width=\u00a0\u00bb1\/6&Prime;][\/vc_column][vc_column width=\u00a0\u00bb2\/3&Prime; css=\u00a0\u00bb.vc_custom_1675870572111{margin-top: 64px !important;}\u00a0\u00bb][vc_column_text css=\u00a0\u00bb.vc_custom_1676039577038{margin-bottom: 32px !important;}\u00a0\u00bb]La France est en passe d&rsquo;adopter le mandat de facturation \u00e9lectronique en 2024, rejoignant ainsi de nombreux pays du monde&#8230;  <a class=\"excerpt-read-more\" href=\"https:\/\/tradeshift.com\/fr\/facturation-electronique-obligatoire-2024\/\" title=\"LireFacturation electronique obligatoire 2024\">Lire la suite &raquo;<\/a><\/p>\n","protected":false},"author":59,"featured_media":44593,"parent":0,"menu_order":0,"comment_status":"closed","ping_status":"closed","template":"","meta":{"_acf_changed":false,"om_disable_all_campaigns":false,"inline_featured_image":false,"footnotes":""},"class_list":["post-44369","page","type-page","status-publish","has-post-thumbnail","hentry"],"yoast_head":"<!-- This site is optimized with the Yoast SEO Premium plugin v25.5 (Yoast SEO v25.5) - https:\/\/yoast.com\/wordpress\/plugins\/seo\/ -->\n<title>Facturation \u00c9lectronique Obligatoire 2024<\/title>\n<meta name=\"description\" content=\"La France a l\u2019intention de d\u00e9ployer la\u00a0facturation \u00e9lectronique B2B (\u00ab\u00a0e-invoicing\u00a0\u00bb) et la d\u00e9claration \u00e9lectronique (\u00ab\u00a0e-reporting\u00a0\u00bb)...\" \/>\n<meta name=\"robots\" content=\"index, follow, max-snippet:-1, max-image-preview:large, max-video-preview:-1\" \/>\n<link rel=\"canonical\" href=\"https:\/\/tradeshift.com\/fr\/facturation-electronique-obligatoire-2024\/\" \/>\n<meta property=\"og:locale\" content=\"fr_FR\" \/>\n<meta property=\"og:type\" content=\"article\" \/>\n<meta property=\"og:title\" content=\"Facturation electronique obligatoire 2024\" \/>\n<meta property=\"og:description\" content=\"La France a l\u2019intention de d\u00e9ployer la\u00a0facturation \u00e9lectronique B2B (\u00ab\u00a0e-invoicing\u00a0\u00bb) et la d\u00e9claration \u00e9lectronique (\u00ab\u00a0e-reporting\u00a0\u00bb)...\" \/>\n<meta property=\"og:url\" content=\"https:\/\/tradeshift.com\/fr\/facturation-electronique-obligatoire-2024\/\" \/>\n<meta property=\"og:site_name\" content=\"Tradeshift\" \/>\n<meta property=\"article:publisher\" content=\"https:\/\/www.facebook.com\/Tradeshift\/\" \/>\n<meta property=\"article:modified_time\" content=\"2023-02-15T14:47:26+00:00\" \/>\n<meta property=\"og:image\" content=\"https:\/\/tradeshift.com\/wp-content\/uploads\/2023\/02\/feature-image-interim-page-FFL-1.png\" \/>\n\t<meta property=\"og:image:width\" content=\"1700\" \/>\n\t<meta property=\"og:image:height\" content=\"1062\" \/>\n\t<meta property=\"og:image:type\" content=\"image\/png\" \/>\n<meta name=\"twitter:card\" content=\"summary_large_image\" \/>\n<meta name=\"twitter:site\" content=\"@tradeshift\" \/>\n<script type=\"application\/ld+json\" class=\"yoast-schema-graph\">{\"@context\":\"https:\/\/schema.org\",\"@graph\":[{\"@type\":\"WebPage\",\"@id\":\"https:\/\/tradeshift.com\/fr\/facturation-electronique-obligatoire-2024\/\",\"url\":\"https:\/\/tradeshift.com\/fr\/facturation-electronique-obligatoire-2024\/\",\"name\":\"Facturation \u00c9lectronique Obligatoire 2024\",\"isPartOf\":{\"@id\":\"https:\/\/tradeshift.com\/fr\/#website\"},\"primaryImageOfPage\":{\"@id\":\"https:\/\/tradeshift.com\/fr\/facturation-electronique-obligatoire-2024\/#primaryimage\"},\"image\":{\"@id\":\"https:\/\/tradeshift.com\/fr\/facturation-electronique-obligatoire-2024\/#primaryimage\"},\"thumbnailUrl\":\"https:\/\/tradeshift.com\/wp-content\/uploads\/2023\/02\/feature-image-interim-page-FFL-1.png\",\"datePublished\":\"2023-02-13T09:31:50+00:00\",\"dateModified\":\"2023-02-15T14:47:26+00:00\",\"description\":\"La France a l\u2019intention de d\u00e9ployer la\u00a0facturation \u00e9lectronique B2B (\u00ab\u00a0e-invoicing\u00a0\u00bb) et la d\u00e9claration \u00e9lectronique (\u00ab\u00a0e-reporting\u00a0\u00bb)...\",\"breadcrumb\":{\"@id\":\"https:\/\/tradeshift.com\/fr\/facturation-electronique-obligatoire-2024\/#breadcrumb\"},\"inLanguage\":\"fr-FR\",\"potentialAction\":[{\"@type\":\"ReadAction\",\"target\":[\"https:\/\/tradeshift.com\/fr\/facturation-electronique-obligatoire-2024\/\"]}]},{\"@type\":\"ImageObject\",\"inLanguage\":\"fr-FR\",\"@id\":\"https:\/\/tradeshift.com\/fr\/facturation-electronique-obligatoire-2024\/#primaryimage\",\"url\":\"https:\/\/tradeshift.com\/wp-content\/uploads\/2023\/02\/feature-image-interim-page-FFL-1.png\",\"contentUrl\":\"https:\/\/tradeshift.com\/wp-content\/uploads\/2023\/02\/feature-image-interim-page-FFL-1.png\",\"width\":1700,\"height\":1062},{\"@type\":\"BreadcrumbList\",\"@id\":\"https:\/\/tradeshift.com\/fr\/facturation-electronique-obligatoire-2024\/#breadcrumb\",\"itemListElement\":[{\"@type\":\"ListItem\",\"position\":1,\"name\":\"Home\",\"item\":\"https:\/\/tradeshift.com\/fr\/\"},{\"@type\":\"ListItem\",\"position\":2,\"name\":\"Facturation electronique obligatoire 2024\"}]},{\"@type\":\"WebSite\",\"@id\":\"https:\/\/tradeshift.com\/fr\/#website\",\"url\":\"https:\/\/tradeshift.com\/fr\/\",\"name\":\"Tradeshift\",\"description\":\"B2B Network for Supply Chain Purchasing, B2B Payments &amp; Apps\",\"publisher\":{\"@id\":\"https:\/\/tradeshift.com\/fr\/#organization\"},\"potentialAction\":[{\"@type\":\"SearchAction\",\"target\":{\"@type\":\"EntryPoint\",\"urlTemplate\":\"https:\/\/tradeshift.com\/fr\/?s={search_term_string}\"},\"query-input\":{\"@type\":\"PropertyValueSpecification\",\"valueRequired\":true,\"valueName\":\"search_term_string\"}}],\"inLanguage\":\"fr-FR\"},{\"@type\":\"Organization\",\"@id\":\"https:\/\/tradeshift.com\/fr\/#organization\",\"name\":\"Tradeshift\",\"url\":\"https:\/\/tradeshift.com\/fr\/\",\"logo\":{\"@type\":\"ImageObject\",\"inLanguage\":\"fr-FR\",\"@id\":\"https:\/\/tradeshift.com\/fr\/#\/schema\/logo\/image\/\",\"url\":\"https:\/\/tradeshift.com\/wp-content\/uploads\/2021\/01\/Logo-symbol-white-on-blue-bg-@10x.png\",\"contentUrl\":\"https:\/\/tradeshift.com\/wp-content\/uploads\/2021\/01\/Logo-symbol-white-on-blue-bg-@10x.png\",\"width\":3920,\"height\":3920,\"caption\":\"Tradeshift\"},\"image\":{\"@id\":\"https:\/\/tradeshift.com\/fr\/#\/schema\/logo\/image\/\"},\"sameAs\":[\"https:\/\/www.facebook.com\/Tradeshift\/\",\"https:\/\/x.com\/tradeshift\",\"https:\/\/www.linkedin.com\/company\/tradeshift\",\"https:\/\/www.youtube.com\/channel\/UCaUy07yFxZAf22xwWjTahng\",\"https:\/\/en.wikipedia.org\/wiki\/Tradeshift\"]}]}<\/script>\n<!-- \/ Yoast SEO Premium plugin. -->","yoast_head_json":{"title":"Facturation \u00c9lectronique Obligatoire 2024","description":"La France a l\u2019intention de d\u00e9ployer la\u00a0facturation \u00e9lectronique B2B (\u00ab\u00a0e-invoicing\u00a0\u00bb) et la d\u00e9claration \u00e9lectronique (\u00ab\u00a0e-reporting\u00a0\u00bb)...","robots":{"index":"index","follow":"follow","max-snippet":"max-snippet:-1","max-image-preview":"max-image-preview:large","max-video-preview":"max-video-preview:-1"},"canonical":"https:\/\/tradeshift.com\/fr\/facturation-electronique-obligatoire-2024\/","og_locale":"fr_FR","og_type":"article","og_title":"Facturation electronique obligatoire 2024","og_description":"La France a l\u2019intention de d\u00e9ployer la\u00a0facturation \u00e9lectronique B2B (\u00ab\u00a0e-invoicing\u00a0\u00bb) et la d\u00e9claration \u00e9lectronique (\u00ab\u00a0e-reporting\u00a0\u00bb)...","og_url":"https:\/\/tradeshift.com\/fr\/facturation-electronique-obligatoire-2024\/","og_site_name":"Tradeshift","article_publisher":"https:\/\/www.facebook.com\/Tradeshift\/","article_modified_time":"2023-02-15T14:47:26+00:00","og_image":[{"width":1700,"height":1062,"url":"https:\/\/tradeshift.com\/wp-content\/uploads\/2023\/02\/feature-image-interim-page-FFL-1.png","type":"image\/png"}],"twitter_card":"summary_large_image","twitter_site":"@tradeshift","schema":{"@context":"https:\/\/schema.org","@graph":[{"@type":"WebPage","@id":"https:\/\/tradeshift.com\/fr\/facturation-electronique-obligatoire-2024\/","url":"https:\/\/tradeshift.com\/fr\/facturation-electronique-obligatoire-2024\/","name":"Facturation \u00c9lectronique Obligatoire 2024","isPartOf":{"@id":"https:\/\/tradeshift.com\/fr\/#website"},"primaryImageOfPage":{"@id":"https:\/\/tradeshift.com\/fr\/facturation-electronique-obligatoire-2024\/#primaryimage"},"image":{"@id":"https:\/\/tradeshift.com\/fr\/facturation-electronique-obligatoire-2024\/#primaryimage"},"thumbnailUrl":"https:\/\/tradeshift.com\/wp-content\/uploads\/2023\/02\/feature-image-interim-page-FFL-1.png","datePublished":"2023-02-13T09:31:50+00:00","dateModified":"2023-02-15T14:47:26+00:00","description":"La France a l\u2019intention de d\u00e9ployer la\u00a0facturation \u00e9lectronique B2B (\u00ab\u00a0e-invoicing\u00a0\u00bb) et la d\u00e9claration \u00e9lectronique (\u00ab\u00a0e-reporting\u00a0\u00bb)...","breadcrumb":{"@id":"https:\/\/tradeshift.com\/fr\/facturation-electronique-obligatoire-2024\/#breadcrumb"},"inLanguage":"fr-FR","potentialAction":[{"@type":"ReadAction","target":["https:\/\/tradeshift.com\/fr\/facturation-electronique-obligatoire-2024\/"]}]},{"@type":"ImageObject","inLanguage":"fr-FR","@id":"https:\/\/tradeshift.com\/fr\/facturation-electronique-obligatoire-2024\/#primaryimage","url":"https:\/\/tradeshift.com\/wp-content\/uploads\/2023\/02\/feature-image-interim-page-FFL-1.png","contentUrl":"https:\/\/tradeshift.com\/wp-content\/uploads\/2023\/02\/feature-image-interim-page-FFL-1.png","width":1700,"height":1062},{"@type":"BreadcrumbList","@id":"https:\/\/tradeshift.com\/fr\/facturation-electronique-obligatoire-2024\/#breadcrumb","itemListElement":[{"@type":"ListItem","position":1,"name":"Home","item":"https:\/\/tradeshift.com\/fr\/"},{"@type":"ListItem","position":2,"name":"Facturation electronique obligatoire 2024"}]},{"@type":"WebSite","@id":"https:\/\/tradeshift.com\/fr\/#website","url":"https:\/\/tradeshift.com\/fr\/","name":"Tradeshift","description":"B2B Network for Supply Chain Purchasing, B2B Payments &amp; Apps","publisher":{"@id":"https:\/\/tradeshift.com\/fr\/#organization"},"potentialAction":[{"@type":"SearchAction","target":{"@type":"EntryPoint","urlTemplate":"https:\/\/tradeshift.com\/fr\/?s={search_term_string}"},"query-input":{"@type":"PropertyValueSpecification","valueRequired":true,"valueName":"search_term_string"}}],"inLanguage":"fr-FR"},{"@type":"Organization","@id":"https:\/\/tradeshift.com\/fr\/#organization","name":"Tradeshift","url":"https:\/\/tradeshift.com\/fr\/","logo":{"@type":"ImageObject","inLanguage":"fr-FR","@id":"https:\/\/tradeshift.com\/fr\/#\/schema\/logo\/image\/","url":"https:\/\/tradeshift.com\/wp-content\/uploads\/2021\/01\/Logo-symbol-white-on-blue-bg-@10x.png","contentUrl":"https:\/\/tradeshift.com\/wp-content\/uploads\/2021\/01\/Logo-symbol-white-on-blue-bg-@10x.png","width":3920,"height":3920,"caption":"Tradeshift"},"image":{"@id":"https:\/\/tradeshift.com\/fr\/#\/schema\/logo\/image\/"},"sameAs":["https:\/\/www.facebook.com\/Tradeshift\/","https:\/\/x.com\/tradeshift","https:\/\/www.linkedin.com\/company\/tradeshift","https:\/\/www.youtube.com\/channel\/UCaUy07yFxZAf22xwWjTahng","https:\/\/en.wikipedia.org\/wiki\/Tradeshift"]}]}},"acf":[],"_links":{"self":[{"href":"https:\/\/tradeshift.com\/fr\/wp-json\/wp\/v2\/pages\/44369","targetHints":{"allow":["GET"]}}],"collection":[{"href":"https:\/\/tradeshift.com\/fr\/wp-json\/wp\/v2\/pages"}],"about":[{"href":"https:\/\/tradeshift.com\/fr\/wp-json\/wp\/v2\/types\/page"}],"author":[{"embeddable":true,"href":"https:\/\/tradeshift.com\/fr\/wp-json\/wp\/v2\/users\/59"}],"replies":[{"embeddable":true,"href":"https:\/\/tradeshift.com\/fr\/wp-json\/wp\/v2\/comments?post=44369"}],"version-history":[{"count":0,"href":"https:\/\/tradeshift.com\/fr\/wp-json\/wp\/v2\/pages\/44369\/revisions"}],"wp:featuredmedia":[{"embeddable":true,"href":"https:\/\/tradeshift.com\/fr\/wp-json\/wp\/v2\/media\/44593"}],"wp:attachment":[{"href":"https:\/\/tradeshift.com\/fr\/wp-json\/wp\/v2\/media?parent=44369"}],"curies":[{"name":"wp","href":"https:\/\/api.w.org\/{rel}","templated":true}]}}